{"version":"1.0","provider_name":"#GouvInfo","provider_url":"https:\/\/gouvinfo.org\/IAI","title":"Infographie \u00ab Des \u00eeles et des ponts - Charges et d\u00e9lais \u00bb - #GouvInfo","type":"rich","width":600,"height":338,"html":"<blockquote class=\"wp-embedded-content\" data-secret=\"uj5nIX5KN8\"><a href=\"https:\/\/gouvinfo.org\/IAI\/dwnl_package\/infographie-charges-et-delais\/\">Infographie \u00ab Des \u00eeles et des ponts &#8211; Charges et d\u00e9lais \u00bb<\/a><\/blockquote><iframe sandbox=\"allow-scripts\" security=\"restricted\" src=\"https:\/\/gouvinfo.org\/IAI\/dwnl_package\/infographie-charges-et-delais\/embed\/#?secret=uj5nIX5KN8\" width=\"600\" height=\"338\" title=\"\u00ab\u00a0Infographie \u00ab Des \u00eeles et des ponts &#8211; Charges et d\u00e9lais \u00bb\u00a0\u00bb &#8212; #GouvInfo\" data-secret=\"uj5nIX5KN8\" frameborder=\"0\" marginwidth=\"0\" marginheight=\"0\" scrolling=\"no\" class=\"wp-embedded-content\"><\/iframe><script type=\"text\/javascript\">\n\/* <![CDATA[ *\/\n\/*! This file is auto-generated *\/\n!function(d,l){\"use strict\";l.querySelector&&d.addEventListener&&\"undefined\"!=typeof URL&&(d.wp=d.wp||{},d.wp.receiveEmbedMessage||(d.wp.receiveEmbedMessage=function(e){var t=e.data;if((t||t.secret||t.message||t.value)&&!\/[^a-zA-Z0-9]\/.test(t.secret)){for(var s,r,n,a=l.querySelectorAll('iframe[data-secret=\"'+t.secret+'\"]'),o=l.querySelectorAll('blockquote[data-secret=\"'+t.secret+'\"]'),c=new RegExp(\"^https?:$\",\"i\"),i=0;i<o.length;i++)o[i].style.display=\"none\";for(i=0;i<a.length;i++)s=a[i],e.source===s.contentWindow&&(s.removeAttribute(\"style\"),\"height\"===t.message?(1e3<(r=parseInt(t.value,10))?r=1e3:~~r<200&&(r=200),s.height=r):\"link\"===t.message&&(r=new URL(s.getAttribute(\"src\")),n=new URL(t.value),c.test(n.protocol))&&n.host===r.host&&l.activeElement===s&&(d.top.location.href=t.value))}},d.addEventListener(\"message\",d.wp.receiveEmbedMessage,!1),l.addEventListener(\"DOMContentLoaded\",function(){for(var e,t,s=l.querySelectorAll(\"iframe.wp-embedded-content\"),r=0;r<s.length;r++)(t=(e=s[r]).getAttribute(\"data-secret\"))||(t=Math.random().toString(36).substring(2,12),e.src+=\"#?secret=\"+t,e.setAttribute(\"data-secret\",t)),e.contentWindow.postMessage({message:\"ready\",secret:t},\"*\")},!1)))}(window,document);\n\/\/# sourceURL=https:\/\/gouvinfo.org\/IAI\/wp-includes\/js\/wp-embed.min.js\n\/* ]]> *\/\n<\/script>\n","thumbnail_url":"https:\/\/gouvinfo.org\/IAI\/wp-content\/uploads\/Infographie-Gouvinfo-IAI-2014-2015-les-charges-et-d\u00e9lais-N\u00b039.jpg","thumbnail_width":1825,"thumbnail_height":2430,"description":"Infographie GouvInfo \u00ab Charges et d\u00e9lais \u00bb N\u00b03\/9 \u2013 Sur la base de 719 participants, cette infographie pr\u00e9sente l&#8217;ensemble des charges et d\u00e9lais estim\u00e9s par les participants [&hellip;]"}