{"id":33284,"date":"2021-02-01T10:40:06","date_gmt":"2021-02-01T09:40:06","guid":{"rendered":"https:\/\/www.gouvinfo.org\/IAI\/?page_id=33284"},"modified":"2022-10-04T07:37:26","modified_gmt":"2022-10-04T05:37:26","slug":"dl-ateliers-verbatim","status":"publish","type":"page","link":"https:\/\/gouvinfo.org\/IAI\/dl-ateliers-verbatim\/","title":{"rendered":"T\u00e9l\u00e9chargement des synth\u00e8ses d&#8217;ateliers"},"content":{"rendered":"<section class='__wpdm_gb_section __wpdm_gb_category'><div class='w3eden'>\n    <div class=''>\n        <h2><h3>BootCamp<\/h3><\/h2>                <form method=\"get\" class=\"__wpdm_submit_async\" data-container=\"#content_wpdm_packages_1\" id=\"sc_form_wpdm_packages_1\" style=\"margin-bottom: 15px\">\n                <div class=\"panel panel-default card category-panel wpdm-shortcode-toolbar\">\n                <div class=\"panel-body card-body\">\n                    <div class=\"media\">\n                                                <div class=\"media-body\">\n                            <h3 style=\"margin: 0\"><h3>BootCamp<\/h3><\/h3>\n                                                    <\/div>\n                    <\/div>\n                <\/div>\n                <div class=\"panel-footer card-footer\">\n                    <div class=\"row\">\n                        <div class=\"col-lg-6 col-md-12\">\n                            <input type=\"text\" name=\"skw\" value=\"\" placeholder=\"Recherche par mots cl\u00e9s\u2026\" class=\"form-control\" \/>\n                        <\/div>\n                        <div class=\"col-lg-2 col-md-4\">\n                            <select name=\"orderby\" class=\"wpdm-custom-select custom-select\">\n                                <option value=\"date\" disabled=\"disabled\">Trier par\u00a0:<\/option>\n                                <option value=\"date\" >Date de publication<\/option>\n                                <option value=\"title\" >Titre<\/option>\n                                <option value=\"update_date\" >Date de mise \u00e0 jour<\/option>\n                                <option value=\"downloads\" >T\u00e9l\u00e9chargements<\/option>\n                                <option value=\"views\" >Vues<\/option>\n                            <\/select>\n                        <\/div>\n                        <div class=\"col-lg-2 col-md-4\">\n                            <select name=\"order\" class=\"wpdm-custom-select custom-select\">\n                                <option value=\"desc\" disabled=\"disabled\">Tri\u00a0:<\/option>\n                                <option value=\"desc\" >D\u00e9croissant<\/option>\n                                <option value=\"asc\" >Croissant<\/option>\n                            <\/select>\n                        <\/div>\n                        <div class=\"col-lg-2 col-md-4\">\n                            <button type=\"submit\" class=\"btn btn-secondary btn-block\">Appliquer le filtre<\/button>\n                        <\/div>\n                    <\/div>\n\n                <\/div>\n            <\/div>\n            <\/form>\n<div class=\"spacer mb-3 d-block clearfix\"><\/div>\n        <div id=\"content_wpdm_packages_1\">\n            <div class='row'><div class='col-lg-12 col-md-12 col-12'><div class=\"clear\"><\/div>\n<div class=\"row\">\n<div class=\"col-md-12\">\n<div class=\"thumbnail\">\n<div class=\"row\">\n<div class=\"col-md-3\"><img class='wpdm-thumb wpdm-thumb-200x200 wpdm-thumb-34461' src='https:\/\/i0.wp.com\/gouvinfo.org\/IAI\/wp-content\/uploads\/202209BootCamp.png?resize=200,200' alt='BootCamp LinkedIn \"Strat\u00e9gie Data\"  (Septembre 2022)' \/><\/div>\n<div class=\"col-md-5\"><strong>BootCamp LinkedIn &#8220;Strat\u00e9gie Data&#8221;  (Septembre 2022)<\/strong><\/a>\nLe BootCamp IAI a comme objectif de faire ressortir un m\u00e9lange d\u2019exp\u00e9riences et de points de vue venant de nombreux profils et expertises. C\u2019est \u00e0 travers ce m\u00e9lange que se d\u00e9veloppent des orientations originales et utiles pour les participants. 7 jours, en asynchrone, sur LinkedIn, 108 participants,&#8230;\n\n<hr \/>\n\nCat\u00e9gorie = <a href=\"https:\/\/gouvinfo.org\/IAI\/dwnl_category\/ateliers-conferences\/\" rel=\"tag\">Ateliers, conf\u00e9rences<\/a>, <a href=\"https:\/\/gouvinfo.org\/IAI\/dwnl_category\/bootcamp\/\" rel=\"tag\">BootCamp<\/a>\n<div style=\"margin-top: 15px;\"><\/div>\n<\/div>\n<div class=\"col-md-4\">\n<table class=\"table table-bordered table-striped\">\n<tbody>\n<tr>\n<td>Taille<\/td>\n<td>2 Mo<\/td>\n<\/tr>\n<tr>\n<td>T\u00e9l\u00e9charg\u00e9<\/td>\n<td>81 fois<\/td>\n<\/tr>\n<tr>\n<td>Date <\/td>\n<td> 3 octobre 2022 <\/td>\n<\/tr>\n<tr>\n<td style=\"text-align: center;\" colspan=\"2\"><a href='#unlock' class='wpdm-download-link wpdm-download-locked btn btn-primary ' data-package='34461'>T\u00e9l\u00e9charger<\/a><\/td>\n<\/tr>\n<\/tbody>\n<\/table>\n<\/div>\n<\/div>\n<\/div>\n<\/div>\n<\/div>\n\n<hr noshade=\"noshade\" size=\"1\" \/><\/div><\/div>            <div style='clear:both'><\/div><div class='text-center'><ul class='pagination wpdm-pagination pagination-centered text-center async'><\/ul><\/div><div style='clear:both'><\/div>        <\/div>\n\n        <div style='clear:both'><\/div>\n    <\/div>\n<\/div>\n<\/section>\r\n\r\n<section class='__wpdm_gb_section __wpdm_gb_category'><div class='w3eden'>\n    <div class=''>\n        <h2><h3>Ateliers Verbatim<\/h3><\/h2>                <form method=\"get\" class=\"__wpdm_submit_async\" data-container=\"#content_wpdm_packages_2\" id=\"sc_form_wpdm_packages_2\" style=\"margin-bottom: 15px\">\n                <div class=\"panel panel-default card category-panel wpdm-shortcode-toolbar\">\n                <div class=\"panel-body card-body\">\n                    <div class=\"media\">\n                                                <div class=\"media-body\">\n                            <h3 style=\"margin: 0\"><h3>Ateliers Verbatim<\/h3><\/h3>\n                                                    <\/div>\n                    <\/div>\n                <\/div>\n                <div class=\"panel-footer card-footer\">\n                    <div class=\"row\">\n                        <div class=\"col-lg-6 col-md-12\">\n                            <input type=\"text\" name=\"skw\" value=\"\" placeholder=\"Recherche par mots cl\u00e9s\u2026\" class=\"form-control\" \/>\n                        <\/div>\n                        <div class=\"col-lg-2 col-md-4\">\n                            <select name=\"orderby\" class=\"wpdm-custom-select custom-select\">\n                                <option value=\"date\" disabled=\"disabled\">Trier par\u00a0:<\/option>\n                                <option value=\"date\" >Date de publication<\/option>\n                                <option value=\"title\" >Titre<\/option>\n                                <option value=\"update_date\" >Date de mise \u00e0 jour<\/option>\n                                <option value=\"downloads\" >T\u00e9l\u00e9chargements<\/option>\n                                <option value=\"views\" >Vues<\/option>\n                            <\/select>\n                        <\/div>\n                        <div class=\"col-lg-2 col-md-4\">\n                            <select name=\"order\" class=\"wpdm-custom-select custom-select\">\n                                <option value=\"desc\" disabled=\"disabled\">Tri\u00a0:<\/option>\n                                <option value=\"desc\" >D\u00e9croissant<\/option>\n                                <option value=\"asc\" >Croissant<\/option>\n                            <\/select>\n                        <\/div>\n                        <div class=\"col-lg-2 col-md-4\">\n                            <button type=\"submit\" class=\"btn btn-secondary btn-block\">Appliquer le filtre<\/button>\n                        <\/div>\n                    <\/div>\n\n                <\/div>\n            <\/div>\n            <\/form>\n<div class=\"spacer mb-3 d-block clearfix\"><\/div>\n        <div id=\"content_wpdm_packages_2\">\n            <div class='row'><div class='col-lg-12 col-md-12 col-12'><div class=\"clear\"><\/div>\n<div class=\"row\">\n<div class=\"col-md-12\">\n<div class=\"thumbnail\">\n<div class=\"row\">\n<div class=\"col-md-3\"><img class='wpdm-thumb wpdm-thumb-200x200 wpdm-thumb-33884' src='https:\/\/i0.wp.com\/gouvinfo.org\/IAI\/wp-content\/uploads\/Ateliers-Verbatim-2020-09-23_16h25_09.png?resize=200,200' alt='Atelier GouvInfo Verbatim - Le d\u00e9cid-Acteur  (2021)' \/><\/div>\n<div class=\"col-md-5\"><strong>Atelier GouvInfo Verbatim &#8211; Le d\u00e9cid-Acteur  (2021)<\/strong><\/a>\nSynth\u00e8se de l&#8217;atelier Verbatim de l&#8217;association GouvInfo IAI : Le D\u00e9cid-Acteur &#8211; Qu\u2019est-ce qu\u2019un d\u00e9cid-acteur, comment, en tant qu\u2019individu nous pouvons compl\u00e9ter, renforcer ou m\u00eame d\u00e9passer des \u00e9tapes hi\u00e9rarchiques en mettant en valeur notre potentiel personnel. \u2013 Les verbatims sont&#8230;\n\n<hr \/>\n\nCat\u00e9gorie = <a href=\"https:\/\/gouvinfo.org\/IAI\/dwnl_category\/ateliers-conferences\/\" rel=\"tag\">Ateliers, conf\u00e9rences<\/a>, <a href=\"https:\/\/gouvinfo.org\/IAI\/dwnl_category\/verbatim\/\" rel=\"tag\">Verbatim<\/a>\n<div style=\"margin-top: 15px;\"><\/div>\n<\/div>\n<div class=\"col-md-4\">\n<table class=\"table table-bordered table-striped\">\n<tbody>\n<tr>\n<td>Taille<\/td>\n<td>1 Mo<\/td>\n<\/tr>\n<tr>\n<td>T\u00e9l\u00e9charg\u00e9<\/td>\n<td>101 fois<\/td>\n<\/tr>\n<tr>\n<td>Date <\/td>\n<td> 10 juillet 2021 <\/td>\n<\/tr>\n<tr>\n<td style=\"text-align: center;\" colspan=\"2\"><a href='#unlock' class='wpdm-download-link wpdm-download-locked btn btn-primary ' data-package='33884'>T\u00e9l\u00e9charger<\/a><\/td>\n<\/tr>\n<\/tbody>\n<\/table>\n<\/div>\n<\/div>\n<\/div>\n<\/div>\n<\/div>\n\n<hr noshade=\"noshade\" size=\"1\" \/><\/div><div class='col-lg-12 col-md-12 col-12'><div class=\"clear\"><\/div>\n<div class=\"row\">\n<div class=\"col-md-12\">\n<div class=\"thumbnail\">\n<div class=\"row\">\n<div class=\"col-md-3\"><img class='wpdm-thumb wpdm-thumb-200x200 wpdm-thumb-33293' src='https:\/\/i0.wp.com\/gouvinfo.org\/IAI\/wp-content\/uploads\/Ateliers-Verbatim-2020-09-23_16h25_09.png?resize=200,200' alt='Atelier GouvInfo Verbatim - Culture de la donn\u00e9e et strat\u00e9gie d'entreprise (2020)' \/><\/div>\n<div class=\"col-md-5\"><strong>Atelier GouvInfo Verbatim &#8211; Culture de la donn\u00e9e et strat\u00e9gie d&#8217;entreprise (2020)<\/strong><\/a>\nSynth\u00e8se de l&#8217;atelier Verbatim de l&#8217;association GouvInfo IAI : La pluralit\u00e9 des cultures de la donn\u00e9e nuit-elle \u00e0 la strat\u00e9gie d\u2019entreprise ? \u2013 Les verbatims sont des concentr\u00e9s d\u2019\u00e9changes et de points de vue spontan\u00e9s, sur une th\u00e9matique sp\u00e9cifique. Ils visent \u00e0 mettre en valeur un&#8230;\n\n<hr \/>\n\nCat\u00e9gorie = <a href=\"https:\/\/gouvinfo.org\/IAI\/dwnl_category\/ateliers-conferences\/\" rel=\"tag\">Ateliers, conf\u00e9rences<\/a>, <a href=\"https:\/\/gouvinfo.org\/IAI\/dwnl_category\/verbatim\/\" rel=\"tag\">Verbatim<\/a>\n<div style=\"margin-top: 15px;\"><\/div>\n<\/div>\n<div class=\"col-md-4\">\n<table class=\"table table-bordered table-striped\">\n<tbody>\n<tr>\n<td>Taille<\/td>\n<td>1 Mo<\/td>\n<\/tr>\n<tr>\n<td>T\u00e9l\u00e9charg\u00e9<\/td>\n<td>158 fois<\/td>\n<\/tr>\n<tr>\n<td>Date <\/td>\n<td> 1 juin 2020 <\/td>\n<\/tr>\n<tr>\n<td style=\"text-align: center;\" colspan=\"2\"><a href='#unlock' class='wpdm-download-link wpdm-download-locked btn btn-primary ' data-package='33293'>T\u00e9l\u00e9charger<\/a><\/td>\n<\/tr>\n<\/tbody>\n<\/table>\n<\/div>\n<\/div>\n<\/div>\n<\/div>\n<\/div>\n\n<hr noshade=\"noshade\" size=\"1\" \/><\/div><div class='col-lg-12 col-md-12 col-12'><div class=\"clear\"><\/div>\n<div class=\"row\">\n<div class=\"col-md-12\">\n<div class=\"thumbnail\">\n<div class=\"row\">\n<div class=\"col-md-3\"><img class='wpdm-thumb wpdm-thumb-200x200 wpdm-thumb-33292' src='https:\/\/i0.wp.com\/gouvinfo.org\/IAI\/wp-content\/uploads\/Ateliers-Verbatim-2020-09-23_16h25_09.png?resize=200,200' alt='Atelier GouvInfo Verbatim - L'ex\u00e9cutif (2020)' \/><\/div>\n<div class=\"col-md-5\"><strong>Atelier GouvInfo Verbatim &#8211; L&#8217;ex\u00e9cutif (2020)<\/strong><\/a>\nSynth\u00e8se de l&#8217;atelier Verbatim de l&#8217;association GouvInfo IAI : L&#8217;ex\u00e9cutif et la gouvernance de l&#8217;information \u2013 Les verbatims sont des concentr\u00e9s d\u2019\u00e9changes et de points de vue spontan\u00e9s, sur une th\u00e9matique sp\u00e9cifique. Ils visent \u00e0 mettre en valeur un ensemble de signaux faibles bas\u00e9s sur&#8230;\n\n<hr \/>\n\nCat\u00e9gorie = <a href=\"https:\/\/gouvinfo.org\/IAI\/dwnl_category\/ateliers-conferences\/\" rel=\"tag\">Ateliers, conf\u00e9rences<\/a>, <a href=\"https:\/\/gouvinfo.org\/IAI\/dwnl_category\/verbatim\/\" rel=\"tag\">Verbatim<\/a>\n<div style=\"margin-top: 15px;\"><\/div>\n<\/div>\n<div class=\"col-md-4\">\n<table class=\"table table-bordered table-striped\">\n<tbody>\n<tr>\n<td>Taille<\/td>\n<td>4 Mo<\/td>\n<\/tr>\n<tr>\n<td>T\u00e9l\u00e9charg\u00e9<\/td>\n<td>325 fois<\/td>\n<\/tr>\n<tr>\n<td>Date <\/td>\n<td> 1 janvier 2020 <\/td>\n<\/tr>\n<tr>\n<td style=\"text-align: center;\" colspan=\"2\"><a href='#unlock' class='wpdm-download-link wpdm-download-locked btn btn-primary ' data-package='33292'>T\u00e9l\u00e9charger<\/a><\/td>\n<\/tr>\n<\/tbody>\n<\/table>\n<\/div>\n<\/div>\n<\/div>\n<\/div>\n<\/div>\n\n<hr noshade=\"noshade\" size=\"1\" \/><\/div><\/div>            <div style='clear:both'><\/div><div class='text-center'><ul class='pagination wpdm-pagination pagination-centered text-center async'><\/ul><\/div><div style='clear:both'><\/div>        <\/div>\n\n        <div style='clear:both'><\/div>\n    <\/div>\n<\/div>\n<\/section>\r\n\r\n<section class='__wpdm_gb_section __wpdm_gb_category'><div class='w3eden'>\n    <div class=''>\n        <h2><h3>Ateliers ILP<\/h3><\/h2>                <form method=\"get\" class=\"__wpdm_submit_async\" data-container=\"#content_wpdm_packages_3\" id=\"sc_form_wpdm_packages_3\" style=\"margin-bottom: 15px\">\n                <div class=\"panel panel-default card category-panel wpdm-shortcode-toolbar\">\n                <div class=\"panel-body card-body\">\n                    <div class=\"media\">\n                                                <div class=\"media-body\">\n                            <h3 style=\"margin: 0\"><h3>Ateliers ILP<\/h3><\/h3>\n                                                    <\/div>\n                    <\/div>\n                <\/div>\n                <div class=\"panel-footer card-footer\">\n                    <div class=\"row\">\n                        <div class=\"col-lg-6 col-md-12\">\n                            <input type=\"text\" name=\"skw\" value=\"\" placeholder=\"Recherche par mots cl\u00e9s\u2026\" class=\"form-control\" \/>\n                        <\/div>\n                        <div class=\"col-lg-2 col-md-4\">\n                            <select name=\"orderby\" class=\"wpdm-custom-select custom-select\">\n                                <option value=\"date\" disabled=\"disabled\">Trier par\u00a0:<\/option>\n                                <option value=\"date\" >Date de publication<\/option>\n                                <option value=\"title\" >Titre<\/option>\n                                <option value=\"update_date\" >Date de mise \u00e0 jour<\/option>\n                                <option value=\"downloads\" >T\u00e9l\u00e9chargements<\/option>\n                                <option value=\"views\" >Vues<\/option>\n                            <\/select>\n                        <\/div>\n                        <div class=\"col-lg-2 col-md-4\">\n                            <select name=\"order\" class=\"wpdm-custom-select custom-select\">\n                                <option value=\"desc\" disabled=\"disabled\">Tri\u00a0:<\/option>\n                                <option value=\"desc\" >D\u00e9croissant<\/option>\n                                <option value=\"asc\" >Croissant<\/option>\n                            <\/select>\n                        <\/div>\n                        <div class=\"col-lg-2 col-md-4\">\n                            <button type=\"submit\" class=\"btn btn-secondary btn-block\">Appliquer le filtre<\/button>\n                        <\/div>\n                    <\/div>\n\n                <\/div>\n            <\/div>\n            <\/form>\n<div class=\"spacer mb-3 d-block clearfix\"><\/div>\n        <div id=\"content_wpdm_packages_3\">\n            <div class='row'><div class='col-lg-12 col-md-12 col-12'><div class=\"clear\"><\/div>\n<div class=\"row\">\n<div class=\"col-md-12\">\n<div class=\"thumbnail\">\n<div class=\"row\">\n<div class=\"col-md-3\"><img class='wpdm-thumb wpdm-thumb-200x200 wpdm-thumb-33301' src='https:\/\/i0.wp.com\/gouvinfo.org\/IAI\/wp-content\/uploads\/Atelier-ILP-CIGREF.png?resize=200,200' alt='Atelier ILP CIGREF \u00ab Gouvernance de l'information et transformation \u00bb' \/><\/div>\n<div class=\"col-md-5\"><strong>Atelier ILP CIGREF \u00ab Gouvernance de l&#8217;information et transformation \u00bb<\/strong><\/a>\nAtelier ILP (Interactif, Ludique et P\u00e9dagogique) CIGREF\u00a0: \u00ab Le flux Information comme vecteur de transformation de l\u2019organisation\u00bb\n(55 pages \u2013 2014 \u2013Anim\u00e9 par Daniel Colas, Jean-Pascal Perrein)\n&#8230;\n\n<hr \/>\n\nCat\u00e9gorie = <a href=\"https:\/\/gouvinfo.org\/IAI\/dwnl_category\/ateliers-conferences\/\" rel=\"tag\">Ateliers, conf\u00e9rences<\/a>, <a href=\"https:\/\/gouvinfo.org\/IAI\/dwnl_category\/ilp\/\" rel=\"tag\">ILP<\/a>\n<div style=\"margin-top: 15px;\"><\/div>\n<\/div>\n<div class=\"col-md-4\">\n<table class=\"table table-bordered table-striped\">\n<tbody>\n<tr>\n<td>Taille<\/td>\n<td>2 Mo<\/td>\n<\/tr>\n<tr>\n<td>T\u00e9l\u00e9charg\u00e9<\/td>\n<td>507 fois<\/td>\n<\/tr>\n<tr>\n<td>Date <\/td>\n<td> 10 septembre 2016 <\/td>\n<\/tr>\n<tr>\n<td style=\"text-align: center;\" colspan=\"2\"><a href='#unlock' class='wpdm-download-link wpdm-download-locked btn btn-primary ' data-package='33301'>T\u00e9l\u00e9charger<\/a><\/td>\n<\/tr>\n<\/tbody>\n<\/table>\n<\/div>\n<\/div>\n<\/div>\n<\/div>\n<\/div>\n\n<hr noshade=\"noshade\" size=\"1\" \/><\/div><div class='col-lg-12 col-md-12 col-12'><div class=\"clear\"><\/div>\n<div class=\"row\">\n<div class=\"col-md-12\">\n<div class=\"thumbnail\">\n<div class=\"row\">\n<div class=\"col-md-3\"><img class='wpdm-thumb wpdm-thumb-200x200 wpdm-thumb-33299' src='https:\/\/i0.wp.com\/gouvinfo.org\/IAI\/wp-content\/uploads\/Atelier-ILP-TOTAL.png?resize=200,200' alt='Atelier ILP TOTAL \u00ab et l'utilisateur, comment peut-il s'en sortir ? \u00bb' \/><\/div>\n<div class=\"col-md-5\"><strong>Atelier ILP TOTAL \u00ab et l&#8217;utilisateur, comment peut-il s&#8217;en sortir ? \u00bb<\/strong><\/a>\nAtelier ILP (Interactif, Ludique et P\u00e9dagogique) TOTAL :\u00a0Anim\u00e9 par Patrick Larcheveque, Andr\u00e9 Tiao, Gr\u00e9gory Maubon, Xavier Henderson, Daniel Colas, Jean-Pascal Perrein\n(92 pages \u2013 2014)\n&#8230;\n\n<hr \/>\n\nCat\u00e9gorie = <a href=\"https:\/\/gouvinfo.org\/IAI\/dwnl_category\/ateliers-conferences\/\" rel=\"tag\">Ateliers, conf\u00e9rences<\/a>, <a href=\"https:\/\/gouvinfo.org\/IAI\/dwnl_category\/ilp\/\" rel=\"tag\">ILP<\/a>\n<div style=\"margin-top: 15px;\"><\/div>\n<\/div>\n<div class=\"col-md-4\">\n<table class=\"table table-bordered table-striped\">\n<tbody>\n<tr>\n<td>Taille<\/td>\n<td>5 Mo<\/td>\n<\/tr>\n<tr>\n<td>T\u00e9l\u00e9charg\u00e9<\/td>\n<td>757 fois<\/td>\n<\/tr>\n<tr>\n<td>Date <\/td>\n<td> 1 juin 2015 <\/td>\n<\/tr>\n<tr>\n<td style=\"text-align: center;\" colspan=\"2\"><a href='#unlock' class='wpdm-download-link wpdm-download-locked btn btn-primary ' data-package='33299'>T\u00e9l\u00e9charger<\/a><\/td>\n<\/tr>\n<\/tbody>\n<\/table>\n<\/div>\n<\/div>\n<\/div>\n<\/div>\n<\/div>\n\n<hr noshade=\"noshade\" size=\"1\" \/><\/div><div class='col-lg-12 col-md-12 col-12'><div class=\"clear\"><\/div>\n<div class=\"row\">\n<div class=\"col-md-12\">\n<div class=\"thumbnail\">\n<div class=\"row\">\n<div class=\"col-md-3\"><img class='wpdm-thumb wpdm-thumb-200x200 wpdm-thumb-33302' src='https:\/\/i0.wp.com\/gouvinfo.org\/IAI\/wp-content\/uploads\/Atelier-ILP-Bouygues-Telecom-1.png?resize=200,200' alt='Atelier ILP Bouygues Telecom \u00ab Flux Information, et mobilit\u00e9 \u00bb' \/><\/div>\n<div class=\"col-md-5\"><strong>Atelier ILP Bouygues Telecom \u00ab Flux Information, et mobilit\u00e9 \u00bb<\/strong><\/a>\nAtelier ILP (Interactif, Ludique et P\u00e9dagogique) Bouygues Telecom : \u00ab Flux Information, et mobilit\u00e9 \u00bb\u00a0 Anim\u00e9 par Daniel Colas, Jean-Pascal Perrein)\n(30 pages \u2013 2014)\n&#8230;\n\n<hr \/>\n\nCat\u00e9gorie = <a href=\"https:\/\/gouvinfo.org\/IAI\/dwnl_category\/ateliers-conferences\/\" rel=\"tag\">Ateliers, conf\u00e9rences<\/a>, <a href=\"https:\/\/gouvinfo.org\/IAI\/dwnl_category\/ilp\/\" rel=\"tag\">ILP<\/a>\n<div style=\"margin-top: 15px;\"><\/div>\n<\/div>\n<div class=\"col-md-4\">\n<table class=\"table table-bordered table-striped\">\n<tbody>\n<tr>\n<td>Taille<\/td>\n<td>1 Mo<\/td>\n<\/tr>\n<tr>\n<td>T\u00e9l\u00e9charg\u00e9<\/td>\n<td>313 fois<\/td>\n<\/tr>\n<tr>\n<td>Date <\/td>\n<td> 6 juin 2014 <\/td>\n<\/tr>\n<tr>\n<td style=\"text-align: center;\" colspan=\"2\"><a href='#unlock' class='wpdm-download-link wpdm-download-locked btn btn-primary ' data-package='33302'>T\u00e9l\u00e9charger<\/a><\/td>\n<\/tr>\n<\/tbody>\n<\/table>\n<\/div>\n<\/div>\n<\/div>\n<\/div>\n<\/div>\n\n<hr noshade=\"noshade\" size=\"1\" \/><\/div><div class='col-lg-12 col-md-12 col-12'><div class=\"clear\"><\/div>\n<div class=\"row\">\n<div class=\"col-md-12\">\n<div class=\"thumbnail\">\n<div class=\"row\">\n<div class=\"col-md-3\"><img class='wpdm-thumb wpdm-thumb-200x200 wpdm-thumb-33300' src='https:\/\/i0.wp.com\/gouvinfo.org\/IAI\/wp-content\/uploads\/Atelier-ILP-OFCE.png?resize=200,200' alt='Atelier ILP OFCE \u00ab La transformation de l'organisation \u00bb' \/><\/div>\n<div class=\"col-md-5\"><strong>Atelier ILP OFCE \u00ab La transformation de l&#8217;organisation \u00bb<\/strong><\/a>\nAtelier ILP (Interactif, Ludique et P\u00e9dagogique) OFCE\u00a0: \u00ab Le flux Information comme vecteur de transformation de l\u2019organisation \u00bb anim\u00e9 par Fabien Grenet, Daniel Colas, Jean-Pascal Perrein\n(42 pages \u2013 2014)\n&#8230;\n\n<hr \/>\n\nCat\u00e9gorie = <a href=\"https:\/\/gouvinfo.org\/IAI\/dwnl_category\/ateliers-conferences\/\" rel=\"tag\">Ateliers, conf\u00e9rences<\/a>, <a href=\"https:\/\/gouvinfo.org\/IAI\/dwnl_category\/ilp\/\" rel=\"tag\">ILP<\/a>\n<div style=\"margin-top: 15px;\"><\/div>\n<\/div>\n<div class=\"col-md-4\">\n<table class=\"table table-bordered table-striped\">\n<tbody>\n<tr>\n<td>Taille<\/td>\n<td>0.00 KB Mo<\/td>\n<\/tr>\n<tr>\n<td>T\u00e9l\u00e9charg\u00e9<\/td>\n<td>321 fois<\/td>\n<\/tr>\n<tr>\n<td>Date <\/td>\n<td> 7 f\u00e9vrier 2014 <\/td>\n<\/tr>\n<tr>\n<td style=\"text-align: center;\" colspan=\"2\"><a href='#unlock' class='wpdm-download-link wpdm-download-locked btn btn-primary ' data-package='33300'>T\u00e9l\u00e9charger<\/a><\/td>\n<\/tr>\n<\/tbody>\n<\/table>\n<\/div>\n<\/div>\n<\/div>\n<\/div>\n<\/div>\n\n<hr noshade=\"noshade\" size=\"1\" \/><\/div><\/div>            <div style='clear:both'><\/div><div class='text-center'><ul class='pagination wpdm-pagination pagination-centered text-center async'><\/ul><\/div><div style='clear:both'><\/div>        <\/div>\n\n        <div style='clear:both'><\/div>\n    <\/div>\n<\/div>\n<\/section>\r\n\r\n","protected":false},"excerpt":{"rendered":"","protected":false},"author":10002,"featured_media":22876,"parent":0,"menu_order":0,"comment_status":"closed","ping_status":"closed","template":"","meta":{"_et_pb_use_builder":"off","_et_pb_old_content":"","_et_gb_content_width":"","jetpack_post_was_ever_published":false,"footnotes":""},"class_list":["post-33284","page","type-page","status-publish","has-post-thumbnail","hentry"],"yoast_head":"<!-- This site is optimized with the Yoast SEO plugin v27.5 - https:\/\/yoast.com\/product\/yoast-seo-wordpress\/ -->\n<title>T\u00e9l\u00e9chargement des synth\u00e8ses d&#039;ateliers - #GouvInfo<\/title>\n<meta name=\"description\" content=\"La communaut\u00e9 de l&#039;info fait du flux Information un des fondamentaux de nos organisations, pour favoriser une bonne gouvernance de l&#039;information - IAI.\" \/>\n<meta name=\"robots\" content=\"index, follow, max-snippet:-1, max-image-preview:large, max-video-preview:-1\" \/>\n<link rel=\"canonical\" href=\"https:\/\/gouvinfo.org\/IAI\/dl-ateliers-verbatim\/\" \/>\n<meta property=\"og:locale\" content=\"fr_FR\" \/>\n<meta property=\"og:type\" content=\"article\" \/>\n<meta property=\"og:title\" content=\"T\u00e9l\u00e9chargement des synth\u00e8ses d&#039;ateliers - #GouvInfo\" \/>\n<meta property=\"og:description\" content=\"La communaut\u00e9 de l&#039;info fait du flux Information un des fondamentaux de nos organisations, pour favoriser une bonne gouvernance de l&#039;information - IAI.\" \/>\n<meta property=\"og:url\" content=\"https:\/\/gouvinfo.org\/IAI\/dl-ateliers-verbatim\/\" \/>\n<meta property=\"og:site_name\" content=\"#GouvInfo\" \/>\n<meta property=\"article:modified_time\" content=\"2022-10-04T05:37:26+00:00\" \/>\n<meta property=\"og:image\" content=\"https:\/\/gouvinfo.org\/IAI\/wp-content\/uploads\/Ateliers-Verbatim-2020-09-23_16h25_09.png\" \/>\n\t<meta property=\"og:image:width\" content=\"1005\" \/>\n\t<meta property=\"og:image:height\" content=\"1411\" \/>\n\t<meta property=\"og:image:type\" content=\"image\/png\" \/>\n<meta name=\"twitter:card\" content=\"summary_large_image\" \/>\n<meta name=\"twitter:site\" content=\"@gouvinfo\" \/>\n<script type=\"application\/ld+json\" class=\"yoast-schema-graph\">{\"@context\":\"https:\\\/\\\/schema.org\",\"@graph\":[{\"@type\":\"WebPage\",\"@id\":\"https:\\\/\\\/gouvinfo.org\\\/IAI\\\/dl-ateliers-verbatim\\\/\",\"url\":\"https:\\\/\\\/gouvinfo.org\\\/IAI\\\/dl-ateliers-verbatim\\\/\",\"name\":\"T\u00e9l\u00e9chargement des synth\u00e8ses d'ateliers - #GouvInfo\",\"isPartOf\":{\"@id\":\"https:\\\/\\\/gouvinfo.org\\\/IAI\\\/#website\"},\"primaryImageOfPage\":{\"@id\":\"https:\\\/\\\/gouvinfo.org\\\/IAI\\\/dl-ateliers-verbatim\\\/#primaryimage\"},\"image\":{\"@id\":\"https:\\\/\\\/gouvinfo.org\\\/IAI\\\/dl-ateliers-verbatim\\\/#primaryimage\"},\"thumbnailUrl\":\"https:\\\/\\\/i0.wp.com\\\/gouvinfo.org\\\/IAI\\\/wp-content\\\/uploads\\\/Ateliers-Verbatim-2020-09-23_16h25_09.png?fit=1005%2C1411&ssl=1\",\"datePublished\":\"2021-02-01T09:40:06+00:00\",\"dateModified\":\"2022-10-04T05:37:26+00:00\",\"description\":\"La communaut\u00e9 de l'info fait du flux Information un des fondamentaux de nos organisations, pour favoriser une bonne gouvernance de l'information - IAI.\",\"inLanguage\":\"fr-FR\",\"potentialAction\":[{\"@type\":\"ReadAction\",\"target\":[\"https:\\\/\\\/gouvinfo.org\\\/IAI\\\/dl-ateliers-verbatim\\\/\"]}]},{\"@type\":\"ImageObject\",\"inLanguage\":\"fr-FR\",\"@id\":\"https:\\\/\\\/gouvinfo.org\\\/IAI\\\/dl-ateliers-verbatim\\\/#primaryimage\",\"url\":\"https:\\\/\\\/i0.wp.com\\\/gouvinfo.org\\\/IAI\\\/wp-content\\\/uploads\\\/Ateliers-Verbatim-2020-09-23_16h25_09.png?fit=1005%2C1411&ssl=1\",\"contentUrl\":\"https:\\\/\\\/i0.wp.com\\\/gouvinfo.org\\\/IAI\\\/wp-content\\\/uploads\\\/Ateliers-Verbatim-2020-09-23_16h25_09.png?fit=1005%2C1411&ssl=1\",\"width\":1005,\"height\":1411},{\"@type\":\"WebSite\",\"@id\":\"https:\\\/\\\/gouvinfo.org\\\/IAI\\\/#website\",\"url\":\"https:\\\/\\\/gouvinfo.org\\\/IAI\\\/\",\"name\":\"#GouvInfo\",\"description\":\"D\u00e9velopper une vue globale des donn\u00e9es et de leurs gouvernances\",\"potentialAction\":[{\"@type\":\"SearchAction\",\"target\":{\"@type\":\"EntryPoint\",\"urlTemplate\":\"https:\\\/\\\/gouvinfo.org\\\/IAI\\\/?s={search_term_string}\"},\"query-input\":{\"@type\":\"PropertyValueSpecification\",\"valueRequired\":true,\"valueName\":\"search_term_string\"}}],\"inLanguage\":\"fr-FR\"}]}<\/script>\n<!-- \/ Yoast SEO plugin. -->","yoast_head_json":{"title":"T\u00e9l\u00e9chargement des synth\u00e8ses d'ateliers - #GouvInfo","description":"La communaut\u00e9 de l'info fait du flux Information un des fondamentaux de nos organisations, pour favoriser une bonne gouvernance de l'information - IAI.","robots":{"index":"index","follow":"follow","max-snippet":"max-snippet:-1","max-image-preview":"max-image-preview:large","max-video-preview":"max-video-preview:-1"},"canonical":"https:\/\/gouvinfo.org\/IAI\/dl-ateliers-verbatim\/","og_locale":"fr_FR","og_type":"article","og_title":"T\u00e9l\u00e9chargement des synth\u00e8ses d'ateliers - #GouvInfo","og_description":"La communaut\u00e9 de l'info fait du flux Information un des fondamentaux de nos organisations, pour favoriser une bonne gouvernance de l'information - IAI.","og_url":"https:\/\/gouvinfo.org\/IAI\/dl-ateliers-verbatim\/","og_site_name":"#GouvInfo","article_modified_time":"2022-10-04T05:37:26+00:00","og_image":[{"width":1005,"height":1411,"url":"https:\/\/gouvinfo.org\/IAI\/wp-content\/uploads\/Ateliers-Verbatim-2020-09-23_16h25_09.png","type":"image\/png"}],"twitter_card":"summary_large_image","twitter_site":"@gouvinfo","schema":{"@context":"https:\/\/schema.org","@graph":[{"@type":"WebPage","@id":"https:\/\/gouvinfo.org\/IAI\/dl-ateliers-verbatim\/","url":"https:\/\/gouvinfo.org\/IAI\/dl-ateliers-verbatim\/","name":"T\u00e9l\u00e9chargement des synth\u00e8ses d'ateliers - #GouvInfo","isPartOf":{"@id":"https:\/\/gouvinfo.org\/IAI\/#website"},"primaryImageOfPage":{"@id":"https:\/\/gouvinfo.org\/IAI\/dl-ateliers-verbatim\/#primaryimage"},"image":{"@id":"https:\/\/gouvinfo.org\/IAI\/dl-ateliers-verbatim\/#primaryimage"},"thumbnailUrl":"https:\/\/i0.wp.com\/gouvinfo.org\/IAI\/wp-content\/uploads\/Ateliers-Verbatim-2020-09-23_16h25_09.png?fit=1005%2C1411&ssl=1","datePublished":"2021-02-01T09:40:06+00:00","dateModified":"2022-10-04T05:37:26+00:00","description":"La communaut\u00e9 de l'info fait du flux Information un des fondamentaux de nos organisations, pour favoriser une bonne gouvernance de l'information - IAI.","inLanguage":"fr-FR","potentialAction":[{"@type":"ReadAction","target":["https:\/\/gouvinfo.org\/IAI\/dl-ateliers-verbatim\/"]}]},{"@type":"ImageObject","inLanguage":"fr-FR","@id":"https:\/\/gouvinfo.org\/IAI\/dl-ateliers-verbatim\/#primaryimage","url":"https:\/\/i0.wp.com\/gouvinfo.org\/IAI\/wp-content\/uploads\/Ateliers-Verbatim-2020-09-23_16h25_09.png?fit=1005%2C1411&ssl=1","contentUrl":"https:\/\/i0.wp.com\/gouvinfo.org\/IAI\/wp-content\/uploads\/Ateliers-Verbatim-2020-09-23_16h25_09.png?fit=1005%2C1411&ssl=1","width":1005,"height":1411},{"@type":"WebSite","@id":"https:\/\/gouvinfo.org\/IAI\/#website","url":"https:\/\/gouvinfo.org\/IAI\/","name":"#GouvInfo","description":"D\u00e9velopper une vue globale des donn\u00e9es et de leurs gouvernances","potentialAction":[{"@type":"SearchAction","target":{"@type":"EntryPoint","urlTemplate":"https:\/\/gouvinfo.org\/IAI\/?s={search_term_string}"},"query-input":{"@type":"PropertyValueSpecification","valueRequired":true,"valueName":"search_term_string"}}],"inLanguage":"fr-FR"}]}},"jetpack_shortlink":"https:\/\/wp.me\/P3WHBZ-8EQ","jetpack_sharing_enabled":true,"_links":{"self":[{"href":"https:\/\/gouvinfo.org\/IAI\/wp-json\/wp\/v2\/pages\/33284","targetHints":{"allow":["GET"]}}],"collection":[{"href":"https:\/\/gouvinfo.org\/IAI\/wp-json\/wp\/v2\/pages"}],"about":[{"href":"https:\/\/gouvinfo.org\/IAI\/wp-json\/wp\/v2\/types\/page"}],"author":[{"embeddable":true,"href":"https:\/\/gouvinfo.org\/IAI\/wp-json\/wp\/v2\/users\/10002"}],"replies":[{"embeddable":true,"href":"https:\/\/gouvinfo.org\/IAI\/wp-json\/wp\/v2\/comments?post=33284"}],"version-history":[{"count":10,"href":"https:\/\/gouvinfo.org\/IAI\/wp-json\/wp\/v2\/pages\/33284\/revisions"}],"predecessor-version":[{"id":34472,"href":"https:\/\/gouvinfo.org\/IAI\/wp-json\/wp\/v2\/pages\/33284\/revisions\/34472"}],"wp:featuredmedia":[{"embeddable":true,"href":"https:\/\/gouvinfo.org\/IAI\/wp-json\/wp\/v2\/media\/22876"}],"wp:attachment":[{"href":"https:\/\/gouvinfo.org\/IAI\/wp-json\/wp\/v2\/media?parent=33284"}],"curies":[{"name":"wp","href":"https:\/\/api.w.org\/{rel}","templated":true}]}}