{"id":4976,"date":"2020-05-11T11:04:00","date_gmt":"2020-05-11T09:04:00","guid":{"rendered":"http:\/\/www.gouvinfo.org\/IAI\/?page_id=4976"},"modified":"2020-05-17T08:18:44","modified_gmt":"2020-05-17T06:18:44","slug":"chaire-essec-strategie-et-gouvernance-de-linformation","status":"publish","type":"page","link":"https:\/\/gouvinfo.org\/IAI\/chaire-essec-strategie-et-gouvernance-de-linformation\/","title":{"rendered":"Chaire ESSEC Strat\u00e9gie et gouvernance de l&#8217;information"},"content":{"rendered":"<p style=\"text-align: justify;\"><img data-recalc-dims=\"1\" loading=\"lazy\" decoding=\"async\" class=\" wp-image-4977 alignleft img-responsive\" src=\"https:\/\/i0.wp.com\/gouvinfo.org\/IAI\/wp-content\/uploads\/CH_Strat%C3%A9gie-et-gouvernance-de-linfo_fr_vertical_BLEU.jpg?resize=116%2C127&#038;ssl=1\" alt=\"\" width=\"116\" height=\"127\" srcset=\"https:\/\/i0.wp.com\/gouvinfo.org\/IAI\/wp-content\/uploads\/CH_Strat%C3%A9gie-et-gouvernance-de-linfo_fr_vertical_BLEU.jpg?resize=273%2C300&amp;ssl=1 273w, https:\/\/i0.wp.com\/gouvinfo.org\/IAI\/wp-content\/uploads\/CH_Strat%C3%A9gie-et-gouvernance-de-linfo_fr_vertical_BLEU.jpg?w=680&amp;ssl=1 680w\" sizes=\"(max-width: 116px) 100vw, 116px\" \/>Les organisations font face \u00e0 des d\u00e9fis cruciaux li\u00e9s \u00e0 la gouvernance de leurs informations.\u00a0Face \u00e0 ce constat;<em>\u00a0l<a href=\"https:\/\/chairestratgouvinfo.essec.edu\/\">a Chaire Strat\u00e9gie et Gouvernance de l\u2019Information<\/a><\/em> offre un cadre acad\u00e9mique permettant de relever ces d\u00e9fis. La Chaire contribue \u00e0 l\u2019avancement de la connaissance sur la gouvernance de l\u2019information. Elle en fait b\u00e9n\u00e9ficier l\u2019ensemble de l\u2019\u00e9cosyst\u00e8me des entreprises priv\u00e9es et publiques.<\/p>\n<p style=\"text-align: justify;\">Chaire d\u2019enseignement et de recherche, elle constitue un lieu d\u2019\u00e9change privil\u00e9gi\u00e9 entre \u00e9tudiants, chercheurs et praticiens. A l\u2019aide d\u2019une p\u00e9dagogie adapt\u00e9e, les \u00e9tudiants sont ainsi form\u00e9s aux concepts, m\u00e9thodes et outils de la gouvernance de l\u2019information. Les chercheurs, \u00e0 l\u2019\u00e9coute des praticiens, ancrent leurs approches sur un terrain concret. Les praticiens sont ainsi aux premi\u00e8res loges de la r\u00e9flexion et de l\u2019\u00e9laboration de strat\u00e9gies en mati\u00e8re de gouvernance de l\u2019information.<\/p>\n<p style=\"text-align: justify;\">En partenariat avec le concours <a href=\"http:\/\/www.iai-awards.org\/\"><em>IAI-Awards<\/em><\/a> sur la gouvernance de l\u2019information dans les organisations, la Chaire propose des \u00e9v\u00e9nements orient\u00e9s retours d\u2019exp\u00e9riences, \u00e9tudie des cas d\u2019usage reproductibles et vise \u00e0 promouvoir les initiatives de gouvernance et de management de l\u2019information.\u00a0Cette initiative a \u00e9t\u00e9 cr\u00e9\u00e9 et est pilot\u00e9e par <a href=\"https:\/\/www.linkedin.com\/in\/isabelle-comyn-wattiau-88575b46\/\">Isabelle Wattiau<\/a>, professeure titulaire de l&#8217;ESSEC, et <a href=\"https:\/\/www.linkedin.com\/in\/jpperrein\/\">Jean-Pascal Perrein<\/a> qui en est le directeur ex\u00e9cutif.<\/p>\n","protected":false},"excerpt":{"rendered":"<p>Les organisations font face \u00e0 des d\u00e9fis cruciaux li\u00e9s \u00e0 la gouvernance de leurs informations.\u00a0Face \u00e0 ce constat;\u00a0la Chaire Strat\u00e9gie et Gouvernance de l\u2019Information offre un cadre [&hellip;]<\/p>\n","protected":false},"author":10002,"featured_media":0,"parent":0,"menu_order":0,"comment_status":"closed","ping_status":"closed","template":"","meta":{"_et_pb_use_builder":"","_et_pb_old_content":"","_et_gb_content_width":"","jetpack_post_was_ever_published":false,"footnotes":""},"class_list":["post-4976","page","type-page","status-publish","hentry"],"yoast_head":"<!-- This site is optimized with the Yoast SEO plugin v27.5 - https:\/\/yoast.com\/product\/yoast-seo-wordpress\/ -->\n<title>Chaire ESSEC Strat\u00e9gie et gouvernance de l&#039;information - #GouvInfo<\/title>\n<meta name=\"description\" content=\"La communaut\u00e9 de l&#039;info fait du flux Information un des fondamentaux de nos organisations, pour favoriser une bonne gouvernance de l&#039;information - IAI.\" \/>\n<meta name=\"robots\" content=\"index, follow, max-snippet:-1, max-image-preview:large, max-video-preview:-1\" \/>\n<link rel=\"canonical\" href=\"https:\/\/gouvinfo.org\/IAI\/chaire-essec-strategie-et-gouvernance-de-linformation\/\" \/>\n<meta property=\"og:locale\" content=\"fr_FR\" \/>\n<meta property=\"og:type\" content=\"article\" \/>\n<meta property=\"og:title\" content=\"Chaire ESSEC Strat\u00e9gie et gouvernance de l&#039;information - #GouvInfo\" \/>\n<meta property=\"og:description\" content=\"La communaut\u00e9 de l&#039;info fait du flux Information un des fondamentaux de nos organisations, pour favoriser une bonne gouvernance de l&#039;information - IAI.\" \/>\n<meta property=\"og:url\" content=\"https:\/\/gouvinfo.org\/IAI\/chaire-essec-strategie-et-gouvernance-de-linformation\/\" \/>\n<meta property=\"og:site_name\" content=\"#GouvInfo\" \/>\n<meta property=\"article:modified_time\" content=\"2020-05-17T06:18:44+00:00\" \/>\n<meta property=\"og:image\" content=\"https:\/\/gouvinfo.org\/IAI\/wp-content\/uploads\/CH_Strat\u00e9gie-et-gouvernance-de-linfo_fr_vertical_BLEU-273x300.jpg\" \/>\n<meta name=\"twitter:card\" content=\"summary_large_image\" \/>\n<meta name=\"twitter:site\" content=\"@gouvinfo\" \/>\n<meta name=\"twitter:label1\" content=\"Dur\u00e9e de lecture estim\u00e9e\" \/>\n\t<meta name=\"twitter:data1\" content=\"1 minute\" \/>\n<script type=\"application\/ld+json\" class=\"yoast-schema-graph\">{\"@context\":\"https:\\\/\\\/schema.org\",\"@graph\":[{\"@type\":\"WebPage\",\"@id\":\"https:\\\/\\\/gouvinfo.org\\\/IAI\\\/chaire-essec-strategie-et-gouvernance-de-linformation\\\/\",\"url\":\"https:\\\/\\\/gouvinfo.org\\\/IAI\\\/chaire-essec-strategie-et-gouvernance-de-linformation\\\/\",\"name\":\"Chaire ESSEC Strat\u00e9gie et gouvernance de l'information - #GouvInfo\",\"isPartOf\":{\"@id\":\"https:\\\/\\\/gouvinfo.org\\\/IAI\\\/#website\"},\"datePublished\":\"2020-05-11T09:04:00+00:00\",\"dateModified\":\"2020-05-17T06:18:44+00:00\",\"description\":\"La communaut\u00e9 de l'info fait du flux Information un des fondamentaux de nos organisations, pour favoriser une bonne gouvernance de l'information - IAI.\",\"inLanguage\":\"fr-FR\",\"potentialAction\":[{\"@type\":\"ReadAction\",\"target\":[\"https:\\\/\\\/gouvinfo.org\\\/IAI\\\/chaire-essec-strategie-et-gouvernance-de-linformation\\\/\"]}]},{\"@type\":\"WebSite\",\"@id\":\"https:\\\/\\\/gouvinfo.org\\\/IAI\\\/#website\",\"url\":\"https:\\\/\\\/gouvinfo.org\\\/IAI\\\/\",\"name\":\"#GouvInfo\",\"description\":\"D\u00e9velopper une vue globale des donn\u00e9es et de leurs gouvernances\",\"potentialAction\":[{\"@type\":\"SearchAction\",\"target\":{\"@type\":\"EntryPoint\",\"urlTemplate\":\"https:\\\/\\\/gouvinfo.org\\\/IAI\\\/?s={search_term_string}\"},\"query-input\":{\"@type\":\"PropertyValueSpecification\",\"valueRequired\":true,\"valueName\":\"search_term_string\"}}],\"inLanguage\":\"fr-FR\"}]}<\/script>\n<!-- \/ Yoast SEO plugin. -->","yoast_head_json":{"title":"Chaire ESSEC Strat\u00e9gie et gouvernance de l'information - #GouvInfo","description":"La communaut\u00e9 de l'info fait du flux Information un des fondamentaux de nos organisations, pour favoriser une bonne gouvernance de l'information - IAI.","robots":{"index":"index","follow":"follow","max-snippet":"max-snippet:-1","max-image-preview":"max-image-preview:large","max-video-preview":"max-video-preview:-1"},"canonical":"https:\/\/gouvinfo.org\/IAI\/chaire-essec-strategie-et-gouvernance-de-linformation\/","og_locale":"fr_FR","og_type":"article","og_title":"Chaire ESSEC Strat\u00e9gie et gouvernance de l'information - #GouvInfo","og_description":"La communaut\u00e9 de l'info fait du flux Information un des fondamentaux de nos organisations, pour favoriser une bonne gouvernance de l'information - IAI.","og_url":"https:\/\/gouvinfo.org\/IAI\/chaire-essec-strategie-et-gouvernance-de-linformation\/","og_site_name":"#GouvInfo","article_modified_time":"2020-05-17T06:18:44+00:00","og_image":[{"url":"https:\/\/gouvinfo.org\/IAI\/wp-content\/uploads\/CH_Strat\u00e9gie-et-gouvernance-de-linfo_fr_vertical_BLEU-273x300.jpg","type":"","width":"","height":""}],"twitter_card":"summary_large_image","twitter_site":"@gouvinfo","twitter_misc":{"Dur\u00e9e de lecture estim\u00e9e":"1 minute"},"schema":{"@context":"https:\/\/schema.org","@graph":[{"@type":"WebPage","@id":"https:\/\/gouvinfo.org\/IAI\/chaire-essec-strategie-et-gouvernance-de-linformation\/","url":"https:\/\/gouvinfo.org\/IAI\/chaire-essec-strategie-et-gouvernance-de-linformation\/","name":"Chaire ESSEC Strat\u00e9gie et gouvernance de l'information - #GouvInfo","isPartOf":{"@id":"https:\/\/gouvinfo.org\/IAI\/#website"},"datePublished":"2020-05-11T09:04:00+00:00","dateModified":"2020-05-17T06:18:44+00:00","description":"La communaut\u00e9 de l'info fait du flux Information un des fondamentaux de nos organisations, pour favoriser une bonne gouvernance de l'information - IAI.","inLanguage":"fr-FR","potentialAction":[{"@type":"ReadAction","target":["https:\/\/gouvinfo.org\/IAI\/chaire-essec-strategie-et-gouvernance-de-linformation\/"]}]},{"@type":"WebSite","@id":"https:\/\/gouvinfo.org\/IAI\/#website","url":"https:\/\/gouvinfo.org\/IAI\/","name":"#GouvInfo","description":"D\u00e9velopper une vue globale des donn\u00e9es et de leurs gouvernances","potentialAction":[{"@type":"SearchAction","target":{"@type":"EntryPoint","urlTemplate":"https:\/\/gouvinfo.org\/IAI\/?s={search_term_string}"},"query-input":{"@type":"PropertyValueSpecification","valueRequired":true,"valueName":"search_term_string"}}],"inLanguage":"fr-FR"}]}},"jetpack_shortlink":"https:\/\/wp.me\/P3WHBZ-1ig","jetpack_sharing_enabled":true,"_links":{"self":[{"href":"https:\/\/gouvinfo.org\/IAI\/wp-json\/wp\/v2\/pages\/4976","targetHints":{"allow":["GET"]}}],"collection":[{"href":"https:\/\/gouvinfo.org\/IAI\/wp-json\/wp\/v2\/pages"}],"about":[{"href":"https:\/\/gouvinfo.org\/IAI\/wp-json\/wp\/v2\/types\/page"}],"author":[{"embeddable":true,"href":"https:\/\/gouvinfo.org\/IAI\/wp-json\/wp\/v2\/users\/10002"}],"replies":[{"embeddable":true,"href":"https:\/\/gouvinfo.org\/IAI\/wp-json\/wp\/v2\/comments?post=4976"}],"version-history":[{"count":3,"href":"https:\/\/gouvinfo.org\/IAI\/wp-json\/wp\/v2\/pages\/4976\/revisions"}],"predecessor-version":[{"id":5036,"href":"https:\/\/gouvinfo.org\/IAI\/wp-json\/wp\/v2\/pages\/4976\/revisions\/5036"}],"wp:attachment":[{"href":"https:\/\/gouvinfo.org\/IAI\/wp-json\/wp\/v2\/media?parent=4976"}],"curies":[{"name":"wp","href":"https:\/\/api.w.org\/{rel}","templated":true}]}}