{"id":33291,"date":"2015-06-01T14:43:56","date_gmt":"2015-06-01T12:43:56","guid":{"rendered":"https:\/\/www.gouvinfo.org\/IAI\/?post_type=wpdmpro&#038;p=33291"},"modified":"2023-03-30T14:28:05","modified_gmt":"2023-03-30T12:28:05","slug":"infographie-charges-et-delais","status":"publish","type":"wpdmpro","link":"https:\/\/gouvinfo.org\/IAI\/dwnl_package\/infographie-charges-et-delais\/","title":{"rendered":"Infographie \u00ab Des \u00eeles et des ponts &#8211; Charges et d\u00e9lais \u00bb"},"content":{"rendered":"<p style=\"text-align: justify;\"><em>Infographie GouvInfo \u00ab Charges et d\u00e9lais \u00bb N\u00b03\/9 \u2013 Sur la base de 719 participants, cette infographie pr\u00e9sente l&#8217;ensemble des charges et d\u00e9lais estim\u00e9s par les participants sur des fondamentaux constitutifs d&#8217;une d\u00e9marche de gouvernance de l&#8217;information (le cadre de r\u00e9f\u00e9rence, le r\u00e9f\u00e9rentiel ma\u00eetre, les diff\u00e9rentes politiques, &#8230;). Depuis 2010, la pr\u00e9sence de cette instance progresse de plus en plus. Sa composition et sa force sont variables en fonction des secteurs d\u2019activit\u00e9, de la taille de l\u2019entreprise, de ses cultures. Mais dans tous les cas, elle garde la m\u00eame forme et approche. <\/em><em>Cette infographie fait partie d&#8217;un ensemble de 9, \u00e0 assembler pour r\u00e9aliser un puzzle mural de 60 cm sur 90<\/em><\/p>\n","protected":false},"excerpt":{"rendered":"<p>Infographie GouvInfo \u00ab Charges et d\u00e9lais \u00bb N\u00b03\/9 \u2013 Sur la base de 719 participants, cette infographie pr\u00e9sente l&#8217;ensemble des charges et d\u00e9lais estim\u00e9s par les participants [&hellip;]<\/p>\n","protected":false},"author":10002,"featured_media":4474,"comment_status":"closed","ping_status":"closed","template":"","meta":{"_et_pb_use_builder":"","_et_pb_old_content":"","_et_gb_content_width":"","jetpack_post_was_ever_published":false,"jetpack_publicize_message":"","jetpack_publicize_feature_enabled":true,"jetpack_social_post_already_shared":false,"jetpack_social_options":{"image_generator_settings":{"template":"highway","default_image_id":0,"font":"","enabled":false},"version":2}},"class_list":["post-33291","wpdmpro","type-wpdmpro","status-publish","has-post-thumbnail","hentry","wpdmcategory-infographie"],"yoast_head":"<!-- This site is optimized with the Yoast SEO plugin v27.5 - https:\/\/yoast.com\/product\/yoast-seo-wordpress\/ -->\n<title>Infographie \u00ab Des \u00eeles et des ponts - Charges et d\u00e9lais \u00bb - #GouvInfo<\/title>\n<meta name=\"robots\" content=\"index, follow, max-snippet:-1, max-image-preview:large, max-video-preview:-1\" \/>\n<link rel=\"canonical\" href=\"https:\/\/gouvinfo.org\/IAI\/dwnl_package\/infographie-charges-et-delais\/\" \/>\n<meta property=\"og:locale\" content=\"fr_FR\" \/>\n<meta property=\"og:type\" content=\"article\" \/>\n<meta property=\"og:title\" content=\"Infographie \u00ab Des \u00eeles et des ponts - Charges et d\u00e9lais \u00bb - #GouvInfo\" \/>\n<meta property=\"og:description\" content=\"Infographie GouvInfo \u00ab Charges et d\u00e9lais \u00bb N\u00b03\/9 \u2013 Sur la base de 719 participants, cette infographie pr\u00e9sente l&#8217;ensemble des charges et d\u00e9lais estim\u00e9s par les participants [&hellip;]\" \/>\n<meta property=\"og:url\" content=\"https:\/\/gouvinfo.org\/IAI\/dwnl_package\/infographie-charges-et-delais\/\" \/>\n<meta property=\"og:site_name\" content=\"#GouvInfo\" \/>\n<meta property=\"article:modified_time\" content=\"2023-03-30T12:28:05+00:00\" \/>\n<meta property=\"og:image\" content=\"https:\/\/gouvinfo.org\/IAI\/wp-content\/uploads\/Infographie-Gouvinfo-IAI-2014-2015-les-charges-et-d\u00e9lais-N\u00b039.jpg\" \/>\n\t<meta property=\"og:image:width\" content=\"1825\" \/>\n\t<meta property=\"og:image:height\" content=\"2430\" \/>\n\t<meta property=\"og:image:type\" content=\"image\/jpeg\" \/>\n<meta name=\"twitter:card\" content=\"summary_large_image\" \/>\n<meta name=\"twitter:site\" content=\"@gouvinfo\" \/>\n<meta name=\"twitter:label1\" content=\"Dur\u00e9e de lecture estim\u00e9e\" \/>\n\t<meta name=\"twitter:data1\" content=\"1 minute\" \/>\n<script type=\"application\/ld+json\" class=\"yoast-schema-graph\">{\"@context\":\"https:\\\/\\\/schema.org\",\"@graph\":[{\"@type\":\"WebPage\",\"@id\":\"https:\\\/\\\/gouvinfo.org\\\/IAI\\\/dwnl_package\\\/infographie-charges-et-delais\\\/\",\"url\":\"https:\\\/\\\/gouvinfo.org\\\/IAI\\\/dwnl_package\\\/infographie-charges-et-delais\\\/\",\"name\":\"Infographie \u00ab Des \u00eeles et des ponts - Charges et d\u00e9lais \u00bb - #GouvInfo\",\"isPartOf\":{\"@id\":\"https:\\\/\\\/gouvinfo.org\\\/IAI\\\/#website\"},\"primaryImageOfPage\":{\"@id\":\"https:\\\/\\\/gouvinfo.org\\\/IAI\\\/dwnl_package\\\/infographie-charges-et-delais\\\/#primaryimage\"},\"image\":{\"@id\":\"https:\\\/\\\/gouvinfo.org\\\/IAI\\\/dwnl_package\\\/infographie-charges-et-delais\\\/#primaryimage\"},\"thumbnailUrl\":\"https:\\\/\\\/i0.wp.com\\\/gouvinfo.org\\\/IAI\\\/wp-content\\\/uploads\\\/Infographie-Gouvinfo-IAI-2014-2015-les-charges-et-d%C3%A9lais-N%C2%B039.jpg?fit=1825%2C2430&ssl=1\",\"datePublished\":\"2015-06-01T12:43:56+00:00\",\"dateModified\":\"2023-03-30T12:28:05+00:00\",\"breadcrumb\":{\"@id\":\"https:\\\/\\\/gouvinfo.org\\\/IAI\\\/dwnl_package\\\/infographie-charges-et-delais\\\/#breadcrumb\"},\"inLanguage\":\"fr-FR\",\"potentialAction\":[{\"@type\":\"ReadAction\",\"target\":[\"https:\\\/\\\/gouvinfo.org\\\/IAI\\\/dwnl_package\\\/infographie-charges-et-delais\\\/\"]}]},{\"@type\":\"ImageObject\",\"inLanguage\":\"fr-FR\",\"@id\":\"https:\\\/\\\/gouvinfo.org\\\/IAI\\\/dwnl_package\\\/infographie-charges-et-delais\\\/#primaryimage\",\"url\":\"https:\\\/\\\/i0.wp.com\\\/gouvinfo.org\\\/IAI\\\/wp-content\\\/uploads\\\/Infographie-Gouvinfo-IAI-2014-2015-les-charges-et-d%C3%A9lais-N%C2%B039.jpg?fit=1825%2C2430&ssl=1\",\"contentUrl\":\"https:\\\/\\\/i0.wp.com\\\/gouvinfo.org\\\/IAI\\\/wp-content\\\/uploads\\\/Infographie-Gouvinfo-IAI-2014-2015-les-charges-et-d%C3%A9lais-N%C2%B039.jpg?fit=1825%2C2430&ssl=1\",\"width\":1825,\"height\":2430,\"caption\":\"Infographie gouvernance de l\u2019information : les charges et d\u00e9lais\"},{\"@type\":\"BreadcrumbList\",\"@id\":\"https:\\\/\\\/gouvinfo.org\\\/IAI\\\/dwnl_package\\\/infographie-charges-et-delais\\\/#breadcrumb\",\"itemListElement\":[{\"@type\":\"ListItem\",\"position\":1,\"name\":\"T\u00e9l\u00e9chargements\",\"item\":\"https:\\\/\\\/gouvinfo.org\\\/IAI\\\/dwnl_all\\\/\"},{\"@type\":\"ListItem\",\"position\":2,\"name\":\"Infographie \u00ab Des \u00eeles et des ponts &#8211; Charges et d\u00e9lais \u00bb\"}]},{\"@type\":\"WebSite\",\"@id\":\"https:\\\/\\\/gouvinfo.org\\\/IAI\\\/#website\",\"url\":\"https:\\\/\\\/gouvinfo.org\\\/IAI\\\/\",\"name\":\"#GouvInfo\",\"description\":\"D\u00e9velopper une vue globale des donn\u00e9es et de leurs gouvernances\",\"potentialAction\":[{\"@type\":\"SearchAction\",\"target\":{\"@type\":\"EntryPoint\",\"urlTemplate\":\"https:\\\/\\\/gouvinfo.org\\\/IAI\\\/?s={search_term_string}\"},\"query-input\":{\"@type\":\"PropertyValueSpecification\",\"valueRequired\":true,\"valueName\":\"search_term_string\"}}],\"inLanguage\":\"fr-FR\"}]}<\/script>\n<!-- \/ Yoast SEO plugin. -->","yoast_head_json":{"title":"Infographie \u00ab Des \u00eeles et des ponts - Charges et d\u00e9lais \u00bb - #GouvInfo","robots":{"index":"index","follow":"follow","max-snippet":"max-snippet:-1","max-image-preview":"max-image-preview:large","max-video-preview":"max-video-preview:-1"},"canonical":"https:\/\/gouvinfo.org\/IAI\/dwnl_package\/infographie-charges-et-delais\/","og_locale":"fr_FR","og_type":"article","og_title":"Infographie \u00ab Des \u00eeles et des ponts - Charges et d\u00e9lais \u00bb - #GouvInfo","og_description":"Infographie GouvInfo \u00ab Charges et d\u00e9lais \u00bb N\u00b03\/9 \u2013 Sur la base de 719 participants, cette infographie pr\u00e9sente l&#8217;ensemble des charges et d\u00e9lais estim\u00e9s par les participants [&hellip;]","og_url":"https:\/\/gouvinfo.org\/IAI\/dwnl_package\/infographie-charges-et-delais\/","og_site_name":"#GouvInfo","article_modified_time":"2023-03-30T12:28:05+00:00","og_image":[{"width":1825,"height":2430,"url":"https:\/\/gouvinfo.org\/IAI\/wp-content\/uploads\/Infographie-Gouvinfo-IAI-2014-2015-les-charges-et-d\u00e9lais-N\u00b039.jpg","type":"image\/jpeg"}],"twitter_card":"summary_large_image","twitter_site":"@gouvinfo","twitter_misc":{"Dur\u00e9e de lecture estim\u00e9e":"1 minute"},"schema":{"@context":"https:\/\/schema.org","@graph":[{"@type":"WebPage","@id":"https:\/\/gouvinfo.org\/IAI\/dwnl_package\/infographie-charges-et-delais\/","url":"https:\/\/gouvinfo.org\/IAI\/dwnl_package\/infographie-charges-et-delais\/","name":"Infographie \u00ab Des \u00eeles et des ponts - Charges et d\u00e9lais \u00bb - #GouvInfo","isPartOf":{"@id":"https:\/\/gouvinfo.org\/IAI\/#website"},"primaryImageOfPage":{"@id":"https:\/\/gouvinfo.org\/IAI\/dwnl_package\/infographie-charges-et-delais\/#primaryimage"},"image":{"@id":"https:\/\/gouvinfo.org\/IAI\/dwnl_package\/infographie-charges-et-delais\/#primaryimage"},"thumbnailUrl":"https:\/\/i0.wp.com\/gouvinfo.org\/IAI\/wp-content\/uploads\/Infographie-Gouvinfo-IAI-2014-2015-les-charges-et-d%C3%A9lais-N%C2%B039.jpg?fit=1825%2C2430&ssl=1","datePublished":"2015-06-01T12:43:56+00:00","dateModified":"2023-03-30T12:28:05+00:00","breadcrumb":{"@id":"https:\/\/gouvinfo.org\/IAI\/dwnl_package\/infographie-charges-et-delais\/#breadcrumb"},"inLanguage":"fr-FR","potentialAction":[{"@type":"ReadAction","target":["https:\/\/gouvinfo.org\/IAI\/dwnl_package\/infographie-charges-et-delais\/"]}]},{"@type":"ImageObject","inLanguage":"fr-FR","@id":"https:\/\/gouvinfo.org\/IAI\/dwnl_package\/infographie-charges-et-delais\/#primaryimage","url":"https:\/\/i0.wp.com\/gouvinfo.org\/IAI\/wp-content\/uploads\/Infographie-Gouvinfo-IAI-2014-2015-les-charges-et-d%C3%A9lais-N%C2%B039.jpg?fit=1825%2C2430&ssl=1","contentUrl":"https:\/\/i0.wp.com\/gouvinfo.org\/IAI\/wp-content\/uploads\/Infographie-Gouvinfo-IAI-2014-2015-les-charges-et-d%C3%A9lais-N%C2%B039.jpg?fit=1825%2C2430&ssl=1","width":1825,"height":2430,"caption":"Infographie gouvernance de l\u2019information : les charges et d\u00e9lais"},{"@type":"BreadcrumbList","@id":"https:\/\/gouvinfo.org\/IAI\/dwnl_package\/infographie-charges-et-delais\/#breadcrumb","itemListElement":[{"@type":"ListItem","position":1,"name":"T\u00e9l\u00e9chargements","item":"https:\/\/gouvinfo.org\/IAI\/dwnl_all\/"},{"@type":"ListItem","position":2,"name":"Infographie \u00ab Des \u00eeles et des ponts &#8211; Charges et d\u00e9lais \u00bb"}]},{"@type":"WebSite","@id":"https:\/\/gouvinfo.org\/IAI\/#website","url":"https:\/\/gouvinfo.org\/IAI\/","name":"#GouvInfo","description":"D\u00e9velopper une vue globale des donn\u00e9es et de leurs gouvernances","potentialAction":[{"@type":"SearchAction","target":{"@type":"EntryPoint","urlTemplate":"https:\/\/gouvinfo.org\/IAI\/?s={search_term_string}"},"query-input":{"@type":"PropertyValueSpecification","valueRequired":true,"valueName":"search_term_string"}}],"inLanguage":"fr-FR"}]}},"jetpack_publicize_connections":[],"jetpack_sharing_enabled":true,"_links":{"self":[{"href":"https:\/\/gouvinfo.org\/IAI\/wp-json\/wp\/v2\/wpdmpro\/33291","targetHints":{"allow":["GET"]}}],"collection":[{"href":"https:\/\/gouvinfo.org\/IAI\/wp-json\/wp\/v2\/wpdmpro"}],"about":[{"href":"https:\/\/gouvinfo.org\/IAI\/wp-json\/wp\/v2\/types\/wpdmpro"}],"author":[{"embeddable":true,"href":"https:\/\/gouvinfo.org\/IAI\/wp-json\/wp\/v2\/users\/10002"}],"replies":[{"embeddable":true,"href":"https:\/\/gouvinfo.org\/IAI\/wp-json\/wp\/v2\/comments?post=33291"}],"wp:featuredmedia":[{"embeddable":true,"href":"https:\/\/gouvinfo.org\/IAI\/wp-json\/wp\/v2\/media\/4474"}],"wp:attachment":[{"href":"https:\/\/gouvinfo.org\/IAI\/wp-json\/wp\/v2\/media?parent=33291"}],"curies":[{"name":"wp","href":"https:\/\/api.w.org\/{rel}","templated":true}]}}