{"id":33292,"date":"2020-01-01T14:55:50","date_gmt":"2020-01-01T13:55:50","guid":{"rendered":"https:\/\/www.gouvinfo.org\/IAI\/?post_type=wpdmpro&#038;p=33292"},"modified":"2023-03-30T14:28:21","modified_gmt":"2023-03-30T12:28:21","slug":"atelier-gouvinfo-verbatim-lexecutif-2020","status":"publish","type":"wpdmpro","link":"https:\/\/gouvinfo.org\/IAI\/dwnl_package\/atelier-gouvinfo-verbatim-lexecutif-2020\/","title":{"rendered":"Atelier GouvInfo Verbatim &#8211; L&#8217;ex\u00e9cutif (2020)"},"content":{"rendered":"<p style=\"text-align: justify;\"><em>Synth\u00e8se de l&#8217;atelier Verbatim de l&#8217;association GouvInfo IAI : L&#8217;ex\u00e9cutif et la gouvernance de l&#8217;information \u2013 Les verbatims sont des concentr\u00e9s d\u2019\u00e9changes et de points de vue spontan\u00e9s, sur une th\u00e9matique sp\u00e9cifique. Ils visent \u00e0 mettre en valeur un ensemble de signaux faibles bas\u00e9s sur les v\u00e9cus des participants. Ce document est une synth\u00e8se, de l\u2019atelier regroupant un maximum de 30 personnes pendant 1h. Sa lecture est une m\u00e9moire, en instantan\u00e9, d\u2019id\u00e9es, de confirmations, d\u2019enrichissement pour le lecteur.<\/em><\/p>\n<p style=\"text-align: justify;\"><em>Cette synth\u00e8se fait une dizaine de page et reprends les \u00e9changes des participants sous une forme chronologique.<\/em><\/p>\n","protected":false},"excerpt":{"rendered":"<p>Synth\u00e8se de l&#8217;atelier Verbatim de l&#8217;association GouvInfo IAI : L&#8217;ex\u00e9cutif et la gouvernance de l&#8217;information \u2013 Les verbatims sont des concentr\u00e9s d\u2019\u00e9changes et de points de vue [&hellip;]<\/p>\n","protected":false},"author":10002,"featured_media":22876,"comment_status":"closed","ping_status":"closed","template":"","meta":{"_et_pb_use_builder":"","_et_pb_old_content":"","_et_gb_content_width":"","jetpack_post_was_ever_published":false,"jetpack_publicize_message":"","jetpack_publicize_feature_enabled":true,"jetpack_social_post_already_shared":false,"jetpack_social_options":{"image_generator_settings":{"template":"highway","default_image_id":0,"font":"","enabled":false},"version":2}},"class_list":["post-33292","wpdmpro","type-wpdmpro","status-publish","has-post-thumbnail","hentry","wpdmcategory-ateliers-conferences","wpdmcategory-verbatim"],"yoast_head":"<!-- This site is optimized with the Yoast SEO plugin v27.5 - https:\/\/yoast.com\/product\/yoast-seo-wordpress\/ -->\n<title>Atelier GouvInfo Verbatim - L&#039;ex\u00e9cutif (2020) - #GouvInfo<\/title>\n<meta name=\"robots\" content=\"index, follow, max-snippet:-1, max-image-preview:large, max-video-preview:-1\" \/>\n<link rel=\"canonical\" href=\"https:\/\/gouvinfo.org\/IAI\/dwnl_package\/atelier-gouvinfo-verbatim-lexecutif-2020\/\" \/>\n<meta property=\"og:locale\" content=\"fr_FR\" \/>\n<meta property=\"og:type\" content=\"article\" \/>\n<meta property=\"og:title\" content=\"Atelier GouvInfo Verbatim - L&#039;ex\u00e9cutif (2020) - #GouvInfo\" \/>\n<meta property=\"og:description\" content=\"Synth\u00e8se de l&#8217;atelier Verbatim de l&#8217;association GouvInfo IAI : L&#8217;ex\u00e9cutif et la gouvernance de l&#8217;information \u2013 Les verbatims sont des concentr\u00e9s d\u2019\u00e9changes et de points de vue [&hellip;]\" \/>\n<meta property=\"og:url\" content=\"https:\/\/gouvinfo.org\/IAI\/dwnl_package\/atelier-gouvinfo-verbatim-lexecutif-2020\/\" \/>\n<meta property=\"og:site_name\" content=\"#GouvInfo\" \/>\n<meta property=\"article:modified_time\" content=\"2023-03-30T12:28:21+00:00\" \/>\n<meta property=\"og:image\" content=\"https:\/\/gouvinfo.org\/IAI\/wp-content\/uploads\/Ateliers-Verbatim-2020-09-23_16h25_09.png\" \/>\n\t<meta property=\"og:image:width\" content=\"1005\" \/>\n\t<meta property=\"og:image:height\" content=\"1411\" \/>\n\t<meta property=\"og:image:type\" content=\"image\/png\" \/>\n<meta name=\"twitter:card\" content=\"summary_large_image\" \/>\n<meta name=\"twitter:site\" content=\"@gouvinfo\" \/>\n<meta name=\"twitter:label1\" content=\"Dur\u00e9e de lecture estim\u00e9e\" \/>\n\t<meta name=\"twitter:data1\" content=\"1 minute\" \/>\n<script type=\"application\/ld+json\" class=\"yoast-schema-graph\">{\"@context\":\"https:\\\/\\\/schema.org\",\"@graph\":[{\"@type\":\"WebPage\",\"@id\":\"https:\\\/\\\/gouvinfo.org\\\/IAI\\\/dwnl_package\\\/atelier-gouvinfo-verbatim-lexecutif-2020\\\/\",\"url\":\"https:\\\/\\\/gouvinfo.org\\\/IAI\\\/dwnl_package\\\/atelier-gouvinfo-verbatim-lexecutif-2020\\\/\",\"name\":\"Atelier GouvInfo Verbatim - L'ex\u00e9cutif (2020) - #GouvInfo\",\"isPartOf\":{\"@id\":\"https:\\\/\\\/gouvinfo.org\\\/IAI\\\/#website\"},\"primaryImageOfPage\":{\"@id\":\"https:\\\/\\\/gouvinfo.org\\\/IAI\\\/dwnl_package\\\/atelier-gouvinfo-verbatim-lexecutif-2020\\\/#primaryimage\"},\"image\":{\"@id\":\"https:\\\/\\\/gouvinfo.org\\\/IAI\\\/dwnl_package\\\/atelier-gouvinfo-verbatim-lexecutif-2020\\\/#primaryimage\"},\"thumbnailUrl\":\"https:\\\/\\\/i0.wp.com\\\/gouvinfo.org\\\/IAI\\\/wp-content\\\/uploads\\\/Ateliers-Verbatim-2020-09-23_16h25_09.png?fit=1005%2C1411&ssl=1\",\"datePublished\":\"2020-01-01T13:55:50+00:00\",\"dateModified\":\"2023-03-30T12:28:21+00:00\",\"breadcrumb\":{\"@id\":\"https:\\\/\\\/gouvinfo.org\\\/IAI\\\/dwnl_package\\\/atelier-gouvinfo-verbatim-lexecutif-2020\\\/#breadcrumb\"},\"inLanguage\":\"fr-FR\",\"potentialAction\":[{\"@type\":\"ReadAction\",\"target\":[\"https:\\\/\\\/gouvinfo.org\\\/IAI\\\/dwnl_package\\\/atelier-gouvinfo-verbatim-lexecutif-2020\\\/\"]}]},{\"@type\":\"ImageObject\",\"inLanguage\":\"fr-FR\",\"@id\":\"https:\\\/\\\/gouvinfo.org\\\/IAI\\\/dwnl_package\\\/atelier-gouvinfo-verbatim-lexecutif-2020\\\/#primaryimage\",\"url\":\"https:\\\/\\\/i0.wp.com\\\/gouvinfo.org\\\/IAI\\\/wp-content\\\/uploads\\\/Ateliers-Verbatim-2020-09-23_16h25_09.png?fit=1005%2C1411&ssl=1\",\"contentUrl\":\"https:\\\/\\\/i0.wp.com\\\/gouvinfo.org\\\/IAI\\\/wp-content\\\/uploads\\\/Ateliers-Verbatim-2020-09-23_16h25_09.png?fit=1005%2C1411&ssl=1\",\"width\":1005,\"height\":1411},{\"@type\":\"BreadcrumbList\",\"@id\":\"https:\\\/\\\/gouvinfo.org\\\/IAI\\\/dwnl_package\\\/atelier-gouvinfo-verbatim-lexecutif-2020\\\/#breadcrumb\",\"itemListElement\":[{\"@type\":\"ListItem\",\"position\":1,\"name\":\"T\u00e9l\u00e9chargements\",\"item\":\"https:\\\/\\\/gouvinfo.org\\\/IAI\\\/dwnl_all\\\/\"},{\"@type\":\"ListItem\",\"position\":2,\"name\":\"Atelier GouvInfo Verbatim &#8211; L&rsquo;ex\u00e9cutif (2020)\"}]},{\"@type\":\"WebSite\",\"@id\":\"https:\\\/\\\/gouvinfo.org\\\/IAI\\\/#website\",\"url\":\"https:\\\/\\\/gouvinfo.org\\\/IAI\\\/\",\"name\":\"#GouvInfo\",\"description\":\"D\u00e9velopper une vue globale des donn\u00e9es et de leurs gouvernances\",\"potentialAction\":[{\"@type\":\"SearchAction\",\"target\":{\"@type\":\"EntryPoint\",\"urlTemplate\":\"https:\\\/\\\/gouvinfo.org\\\/IAI\\\/?s={search_term_string}\"},\"query-input\":{\"@type\":\"PropertyValueSpecification\",\"valueRequired\":true,\"valueName\":\"search_term_string\"}}],\"inLanguage\":\"fr-FR\"}]}<\/script>\n<!-- \/ Yoast SEO plugin. -->","yoast_head_json":{"title":"Atelier GouvInfo Verbatim - L'ex\u00e9cutif (2020) - #GouvInfo","robots":{"index":"index","follow":"follow","max-snippet":"max-snippet:-1","max-image-preview":"max-image-preview:large","max-video-preview":"max-video-preview:-1"},"canonical":"https:\/\/gouvinfo.org\/IAI\/dwnl_package\/atelier-gouvinfo-verbatim-lexecutif-2020\/","og_locale":"fr_FR","og_type":"article","og_title":"Atelier GouvInfo Verbatim - L'ex\u00e9cutif (2020) - #GouvInfo","og_description":"Synth\u00e8se de l&#8217;atelier Verbatim de l&#8217;association GouvInfo IAI : L&#8217;ex\u00e9cutif et la gouvernance de l&#8217;information \u2013 Les verbatims sont des concentr\u00e9s d\u2019\u00e9changes et de points de vue [&hellip;]","og_url":"https:\/\/gouvinfo.org\/IAI\/dwnl_package\/atelier-gouvinfo-verbatim-lexecutif-2020\/","og_site_name":"#GouvInfo","article_modified_time":"2023-03-30T12:28:21+00:00","og_image":[{"width":1005,"height":1411,"url":"https:\/\/gouvinfo.org\/IAI\/wp-content\/uploads\/Ateliers-Verbatim-2020-09-23_16h25_09.png","type":"image\/png"}],"twitter_card":"summary_large_image","twitter_site":"@gouvinfo","twitter_misc":{"Dur\u00e9e de lecture estim\u00e9e":"1 minute"},"schema":{"@context":"https:\/\/schema.org","@graph":[{"@type":"WebPage","@id":"https:\/\/gouvinfo.org\/IAI\/dwnl_package\/atelier-gouvinfo-verbatim-lexecutif-2020\/","url":"https:\/\/gouvinfo.org\/IAI\/dwnl_package\/atelier-gouvinfo-verbatim-lexecutif-2020\/","name":"Atelier GouvInfo Verbatim - L'ex\u00e9cutif (2020) - #GouvInfo","isPartOf":{"@id":"https:\/\/gouvinfo.org\/IAI\/#website"},"primaryImageOfPage":{"@id":"https:\/\/gouvinfo.org\/IAI\/dwnl_package\/atelier-gouvinfo-verbatim-lexecutif-2020\/#primaryimage"},"image":{"@id":"https:\/\/gouvinfo.org\/IAI\/dwnl_package\/atelier-gouvinfo-verbatim-lexecutif-2020\/#primaryimage"},"thumbnailUrl":"https:\/\/i0.wp.com\/gouvinfo.org\/IAI\/wp-content\/uploads\/Ateliers-Verbatim-2020-09-23_16h25_09.png?fit=1005%2C1411&ssl=1","datePublished":"2020-01-01T13:55:50+00:00","dateModified":"2023-03-30T12:28:21+00:00","breadcrumb":{"@id":"https:\/\/gouvinfo.org\/IAI\/dwnl_package\/atelier-gouvinfo-verbatim-lexecutif-2020\/#breadcrumb"},"inLanguage":"fr-FR","potentialAction":[{"@type":"ReadAction","target":["https:\/\/gouvinfo.org\/IAI\/dwnl_package\/atelier-gouvinfo-verbatim-lexecutif-2020\/"]}]},{"@type":"ImageObject","inLanguage":"fr-FR","@id":"https:\/\/gouvinfo.org\/IAI\/dwnl_package\/atelier-gouvinfo-verbatim-lexecutif-2020\/#primaryimage","url":"https:\/\/i0.wp.com\/gouvinfo.org\/IAI\/wp-content\/uploads\/Ateliers-Verbatim-2020-09-23_16h25_09.png?fit=1005%2C1411&ssl=1","contentUrl":"https:\/\/i0.wp.com\/gouvinfo.org\/IAI\/wp-content\/uploads\/Ateliers-Verbatim-2020-09-23_16h25_09.png?fit=1005%2C1411&ssl=1","width":1005,"height":1411},{"@type":"BreadcrumbList","@id":"https:\/\/gouvinfo.org\/IAI\/dwnl_package\/atelier-gouvinfo-verbatim-lexecutif-2020\/#breadcrumb","itemListElement":[{"@type":"ListItem","position":1,"name":"T\u00e9l\u00e9chargements","item":"https:\/\/gouvinfo.org\/IAI\/dwnl_all\/"},{"@type":"ListItem","position":2,"name":"Atelier GouvInfo Verbatim &#8211; L&rsquo;ex\u00e9cutif (2020)"}]},{"@type":"WebSite","@id":"https:\/\/gouvinfo.org\/IAI\/#website","url":"https:\/\/gouvinfo.org\/IAI\/","name":"#GouvInfo","description":"D\u00e9velopper une vue globale des donn\u00e9es et de leurs gouvernances","potentialAction":[{"@type":"SearchAction","target":{"@type":"EntryPoint","urlTemplate":"https:\/\/gouvinfo.org\/IAI\/?s={search_term_string}"},"query-input":{"@type":"PropertyValueSpecification","valueRequired":true,"valueName":"search_term_string"}}],"inLanguage":"fr-FR"}]}},"jetpack_publicize_connections":[],"jetpack_sharing_enabled":true,"_links":{"self":[{"href":"https:\/\/gouvinfo.org\/IAI\/wp-json\/wp\/v2\/wpdmpro\/33292","targetHints":{"allow":["GET"]}}],"collection":[{"href":"https:\/\/gouvinfo.org\/IAI\/wp-json\/wp\/v2\/wpdmpro"}],"about":[{"href":"https:\/\/gouvinfo.org\/IAI\/wp-json\/wp\/v2\/types\/wpdmpro"}],"author":[{"embeddable":true,"href":"https:\/\/gouvinfo.org\/IAI\/wp-json\/wp\/v2\/users\/10002"}],"replies":[{"embeddable":true,"href":"https:\/\/gouvinfo.org\/IAI\/wp-json\/wp\/v2\/comments?post=33292"}],"wp:featuredmedia":[{"embeddable":true,"href":"https:\/\/gouvinfo.org\/IAI\/wp-json\/wp\/v2\/media\/22876"}],"wp:attachment":[{"href":"https:\/\/gouvinfo.org\/IAI\/wp-json\/wp\/v2\/media?parent=33292"}],"curies":[{"name":"wp","href":"https:\/\/api.w.org\/{rel}","templated":true}]}}